{"id":3,"date":"2022-09-11T16:39:09","date_gmt":"2022-09-11T16:39:09","guid":{"rendered":"http:\/\/theblackunicorn.eu\/?page_id=3"},"modified":"2026-02-28T12:52:12","modified_gmt":"2026-02-28T12:52:12","slug":"privacy-policy","status":"publish","type":"page","link":"https:\/\/theblackunicorn.eu\/hun\/privacy-policy\/","title":{"rendered":"Adatv\u00e9delem"},"content":{"rendered":"<div data-elementor-type=\"wp-page\" data-elementor-id=\"3\" class=\"elementor elementor-3\" data-elementor-post-type=\"page\">\n\t\t\t\t\t\t<section class=\"elementor-section elementor-top-section elementor-element elementor-element-ac13892 elementor-section-boxed elementor-section-height-default elementor-section-height-default\" data-id=\"ac13892\" data-element_type=\"section\" data-settings=\"{&quot;background_background&quot;:&quot;classic&quot;}\">\n\t\t\t\t\t\t<div class=\"elementor-container elementor-column-gap-default\">\n\t\t\t\t\t<div class=\"elementor-column elementor-col-100 elementor-top-column elementor-element elementor-element-2538d71a\" data-id=\"2538d71a\" data-element_type=\"column\">\n\t\t\t<div class=\"elementor-widget-wrap elementor-element-populated\">\n\t\t\t\t\t\t<div class=\"elementor-element elementor-element-3ba18cf elementor-widget elementor-widget-spacer\" data-id=\"3ba18cf\" data-element_type=\"widget\" data-widget_type=\"spacer.default\">\n\t\t\t\t<div class=\"elementor-widget-container\">\n\t\t\t\t\t<div class=\"elementor-spacer\">\n\t\t\t<div class=\"elementor-spacer-inner\"><\/div>\n\t\t<\/div>\n\t\t\t\t<\/div>\n\t\t\t\t<\/div>\n\t\t\t\t<div class=\"elementor-element elementor-element-3ca6d78 elementor-widget elementor-widget-heading\" data-id=\"3ca6d78\" data-element_type=\"widget\" data-widget_type=\"heading.default\">\n\t\t\t\t<div class=\"elementor-widget-container\">\n\t\t\t<h6 class=\"elementor-heading-title elementor-size-default\">Theblackunicorn.eu Internetes Adatv\u00e9delmi Ir\u00e1nyelvek<\/h6>\t\t<\/div>\n\t\t\t\t<\/div>\n\t\t\t\t<div class=\"elementor-element elementor-element-1c1d5b49 elementor-widget elementor-widget-text-editor\" data-id=\"1c1d5b49\" data-element_type=\"widget\" data-widget_type=\"text-editor.default\">\n\t\t\t\t<div class=\"elementor-widget-container\">\n\t\t\t\t\t\t\t<p><b>Theblackunicorn.eu Internetes Adatv\u00e9delmi Ir\u00e1nyelvek<\/b><\/p>\n<p><b>This website is operated by Gerg\u0151 Benedek ev. (tax no.74943465-1-33) (\u201cwe\u201d), a business based in Hungary.<\/b><\/p>\n<p><\/p>\n<p><span style=\"font-weight: 400;\">Tiszteletben tartjuk weboldalunk felhaszn\u00e1l\u00f3inak mag\u00e1n\u00e9let\u00e9t, \u00e9s elismerj\u00fck, hogy amikor \u00d6n \u00fagy d\u00f6nt, hogy inform\u00e1ci\u00f3kat ad meg mag\u00e1r\u00f3l, megb\u00edzik benn\u00fcnk, hogy felel\u0151ss\u00e9gteljesen b\u00e1njunk ezekkel az inform\u00e1ci\u00f3kkal. Ez az adatv\u00e9delmi szab\u00e1lyzat fontos inform\u00e1ci\u00f3kat tartalmaz arr\u00f3l, hogy hogyan haszn\u00e1ljuk fel az \u00d6n szem\u00e9lyes adatait. A weboldal haszn\u00e1lat\u00e1val \u00d6n hozz\u00e1j\u00e1rul szem\u00e9lyes adatainak az al\u00e1bbiakban le\u00edrtak szerinti t\u00e1rol\u00e1s\u00e1hoz, tov\u00e1bb\u00edt\u00e1s\u00e1hoz \u00e9s felhaszn\u00e1l\u00e1s\u00e1hoz.<\/span><\/p><p><span style=\"font-weight: 400;\"><br><\/span><\/p>\n<p><\/p>\n<p><b>Milyen inform\u00e1ci\u00f3kat gy\u0171jt\u00fcnk?<\/b><\/p>\n<p><\/p>\n<p><span style=\"font-weight: 400;\">Id\u0151r\u0151l id\u0151re megk\u00e9rhetj\u00fck \u00d6nt, hogy \u00f6nk\u00e9ntesen adjon meg szem\u00e9lyes adatokat. Ezeket az inform\u00e1ci\u00f3kat \u00e1ltal\u00e1ban akkor k\u00e9rj\u00fck, amikor \u00d6n azt szeretn\u00e9, hogy inform\u00e1ci\u00f3t ny\u00fajtsunk \u00d6nnek.<\/span><\/p>\n<p><\/p>\n<p><span style=\"font-weight: 400;\">A weboldal haszn\u00e1lata sor\u00e1n a k\u00f6vetkez\u0151 inform\u00e1ci\u00f3kat gy\u0171jthetj\u00fck, t\u00e1rolhatjuk \u00e9s tov\u00e1bb\u00edthatjuk \u00d6nr\u0151l:<\/span><\/p>\n<p><\/p>\n<p><span style=\"font-weight: 400;\">N\u00e9v (ha megadja)<\/span><\/p>\n<p><\/p>\n<p><span style=\"font-weight: 400;\">Email-c\u00edm (ha megadja)<\/span><\/p>\n<p><\/p>\n<p><span style=\"font-weight: 400;\">IP-c\u00edm (az \u00d6n sz\u00e1m\u00edt\u00f3g\u00e9p\u00e9nek vagy m\u00e1s eszk\u00f6z\u00e9nek egyedi azonos\u00edt\u00f3ja)<\/span><\/p>\n<p><\/p>\n<p><span style=\"font-weight: 400;\">Mobileszk\u00f6z azonos\u00edt\u00f3<\/span><\/p>\n<p><\/p>\n<p><span style=\"font-weight: 400;\">Az \u00d6n \u00e1ltal k\u00fcld\u00f6tt megkeres\u00e9ssel, inform\u00e1ci\u00f3k\u00e9r\u00e9ssel kapcsolatos inform\u00e1ci\u00f3k<\/span><\/p>\n<p><\/p>\n<p><span style=\"font-weight: 400;\">Minden olyan inform\u00e1ci\u00f3, amelyet e-mailben vagy SMS-ben k\u00fcldtek \u00d6nnek az e-mail c\u00edmeinkre vagy telefonsz\u00e1mainkra<\/span><\/p><p><span style=\"font-weight: 400;\"><br><\/span><\/p>\n<p><\/p>\n<p><b>Hogyan gy\u0171jtj\u00fck az inform\u00e1ci\u00f3it?<\/b><\/p>\n<p><\/p>\n<p><span style=\"font-weight: 400;\">Gy\u0171jtj\u00fck \u00e9s feldolgozzuk az adatait, amikor<\/span><\/p>\n<p><\/p>\n<p><span style=\"font-weight: 400;\">\u2013 you contact us in any way<\/span><\/p><p><span style=\"font-weight: 400;\"><br><\/span><\/p>\n<p><\/p>\n<p><b>Mi\u00e9rt dolgozzuk fel az \u00d6n adatait?<\/b><\/p>\n<p><\/p>\n<p><span style=\"font-weight: 400;\">Az\u00e9rt dolgozzuk fel az \u00d6n adatait, hogy elemezni tudjuk a weboldalunk forgalm\u00e1t \u00e9s\/vagy kapcsolatba l\u00e9phess\u00fcnk \u00d6nnel az \u00d6n \u00e1ltal megadott inform\u00e1ci\u00f3kkal.<\/span><\/p>\n<p><\/p>\n<p><b>Hogyan t\u00e1roljuk inform\u00e1ci\u00f3it?<\/b><\/p>\n<p><\/p>\n<p><span style=\"font-weight: 400;\">A theblackunicorn.eu az \u00d6n adatait biztons\u00e1gosan t\u00e1rolja k\u00f6zponti irod\u00e1nkban, \u00e9s minden sz\u00fcks\u00e9ges \u00f3vint\u00e9zked\u00e9st megtesz\u00fcnk annak \u00e9rdek\u00e9ben, hogy megakad\u00e1lyozzuk az \u00d6n adataihoz val\u00f3 illet\u00e9ktelen hozz\u00e1f\u00e9r\u00e9st.<\/span><\/p>\n<p><\/p>\n<p><b>Hogyan haszn\u00e1ljuk fel az inform\u00e1ci\u00f3kat?<\/b><\/p>\n<p><\/p>\n<p><span style=\"font-weight: 400;\">Szem\u00e9lyes adatait a k\u00f6vetkez\u0151 m\u00f3dokon haszn\u00e1ljuk fel. A t\u00f6rv\u00e9ny szerint meg kell adnunk az \"adatkezel\u00e9s jogalapj\u00e1t\" is, ami azt jelenti, hogy meg kell mondanunk, milyen alapon haszn\u00e1lhatjuk fel az \u00d6n adatait, \u00e9s ezt az al\u00e1bbiakban ismertetj\u00fck:<\/span><\/p><p><span style=\"font-weight: 400;\"><br><\/span><\/p>\n<p><\/p>\n<p><b>How we will use your personal data:<\/b><\/p>\n<p><\/p>\n<p><span style=\"font-weight: 400;\">\u2013 Az \u00d6n \u00e1ltal k\u00e9rt inform\u00e1ci\u00f3k, pl. sajt\u00f3k\u00f6zlem\u00e9ny megk\u00fcld\u00e9s\u00e9re.<\/span><\/p>\n<p><\/p>\n<p><span style=\"font-weight: 400;\">- A feldolgoz\u00e1s jogalapja: hozz\u00e1j\u00e1rul\u00e1s - csak akkor haszn\u00e1ljuk fel az \u00d6n szem\u00e9lyes adatait erre a c\u00e9lra, ha \u00d6n ezt k\u00e9rte t\u0151l\u00fcnk. A hozz\u00e1j\u00e1rul\u00e1s\u00e1t b\u00e1rmikor visszavonhatja.<\/span><\/p>\n<p><\/p>\n<p><span style=\"font-weight: 400;\">\u2013 to answer specific questions, you may have about The Black Unicorn and its services<\/span><\/p>\n<p><\/p>\n<p><span style=\"font-weight: 400;\">- A feldolgoz\u00e1s jogalapja: hozz\u00e1j\u00e1rul\u00e1s - csak akkor haszn\u00e1ljuk fel szem\u00e9lyes adatait erre a c\u00e9lra, ha \u00d6n ezt k\u00e9rte t\u0151l\u00fcnk. A hozz\u00e1j\u00e1rul\u00e1s\u00e1t b\u00e1rmikor visszavonhatja.<\/span><\/p>\n<p><\/p>\n<p><span style=\"font-weight: 400;\">- Az\u00e9rt, hogy jobb m\u00f3dokat biztos\u00edtsunk \u00d6nnek az oldalr\u00f3l sz\u00e1rmaz\u00f3 inform\u00e1ci\u00f3k el\u00e9r\u00e9s\u00e9re<\/span><\/p>\n<p><\/p>\n<p><span style=\"font-weight: 400;\">A feldolgoz\u00e1s jogalapja:<\/span><\/p>\n<p><\/p>\n<p><span style=\"font-weight: 400;\">- Jogos \u00e9rdek - szem\u00e9lyes adatait arra haszn\u00e1ljuk, hogy \u00d6nnek \u00e9s a webhely m\u00e1s felhaszn\u00e1l\u00f3inak a lehet\u0151 legjobb online \u00e9lm\u00e9nyt ny\u00fajtsuk.<\/span><\/p>\n<p><\/p>\n<p><span style=\"font-weight: 400;\">- A \"Kapcsolatfelv\u00e9tel\" oldalunkon kereszt\u00fcl \u00e9s e-mailben k\u00fcld\u00f6tt levelez\u00e9s\u00e9nek feldolgoz\u00e1sa \u00e9s megv\u00e1laszol\u00e1sa.<\/span><\/p>\n<p><\/p>\n<p><span style=\"font-weight: 400;\">Arr\u00f3l, hogy hogyan haszn\u00e1ljuk a s\u00fctik \u00e9s hasonl\u00f3 technol\u00f3gi\u00e1k seg\u00edts\u00e9g\u00e9vel gy\u0171jt\u00f6tt inform\u00e1ci\u00f3kat, itt olvashat a \"S\u00fctik\" bekezd\u00e9sben.<\/span><\/p><p><span style=\"font-weight: 400;\"><br><\/span><\/p>\n<p><\/p>\n<p><span style=\"font-weight: 400;\">\u00c1tadjuk harmadik feleknek az \u00d6n adatait?<\/span><\/p>\n<p><\/p>\n<p><span style=\"font-weight: 400;\">Nem adjuk \u00e1t.<\/span><\/p>\n<p><\/p>\n<p><span style=\"font-weight: 400;\">Hogyan haszn\u00e1ljuk az \u00d6n adatait marketinghez?<\/span><\/p>\n<p><\/p>\n<p><span style=\"font-weight: 400;\">Csak olyan inform\u00e1ci\u00f3t t\u00e1rolunk, melyet \u00d6n adott meg.<\/span><\/p>\n<p><\/p>\n<p><span style=\"font-weight: 400;\">Meddig \u0151rizz\u00fck meg adatait?<\/span><\/p>\n<p><\/p>\n<p><span style=\"font-weight: 400;\">Tekintettel arra, hogy \u00d6n sz\u00edvesen megadja nek\u00fcnk az adatait, mindaddig meg\u0151rizz\u00fck az adatait, am\u00edg \u00d6n a theblackunicorn.eu e-mail c\u00edmre k\u00fcld\u00f6tt e-mailben le nem mond.<\/span><\/p><p><span style=\"font-weight: 400;\"><br><\/span><\/p>\n<p><\/p>\n<p><b>Bels\u0151 Adatv\u00e9delmi Tisztvisel\u0151<\/b><\/p>\n<p><\/p>\n<p><span style=\"font-weight: 400;\">Bels\u0151 adatv\u00e9delmi tisztvisel\u0151nk Benedek Gerg\u0151, a theblackunicorn.eu tulajdonosa.<\/span><\/p><p><span style=\"font-weight: 400;\"><br><\/span><\/p>\n<p><\/p>\n<p><b>S\u00fctik<\/b><\/p>\n<p><\/p>\n<p><b>Mik azok a s\u00fctik?<\/b><\/p>\n<p><\/p>\n<p><span style=\"font-weight: 400;\">Haszn\u00e1lhatunk s\u00fctikb\u0151l vagy hasonl\u00f3 technol\u00f3gi\u00e1kb\u00f3l sz\u00e1rmaz\u00f3 inform\u00e1ci\u00f3kat. A cookie-k olyan kis mennyis\u00e9g\u0171 inform\u00e1ci\u00f3t tartalmaz\u00f3 sz\u00f6vegf\u00e1jlok, amelyeket a weboldalunk megl\u00e1togat\u00e1sakor t\u00f6lt\u00fcnk le az \u00d6n sz\u00e1m\u00edt\u00f3g\u00e9p\u00e9re vagy eszk\u00f6z\u00e9re. Ez\u00e9rt amikor ebben a szakaszban \"\u00d6nre\" hivatkozunk, akkor az \u00d6n sz\u00e1m\u00edt\u00f3g\u00e9p\u00e9re gondolunk. Ezeket a cookie-kat a k\u00e9s\u0151bbi l\u00e1togat\u00e1sok sor\u00e1n felismerhetj\u00fck, \u00e9s lehet\u0151v\u00e9 teszik sz\u00e1munkra, hogy eml\u00e9kezz\u00fcnk \u00d6nre.<\/span><\/p>\n<p><\/p>\n<p><span style=\"font-weight: 400;\">A s\u00fctiknek sz\u00e1mos k\u00fcl\u00f6nb\u00f6z\u0151 form\u00e1ja l\u00e9tezik. Az al\u00e1bbiakban azonos\u00edtottuk a haszn\u00e1lt s\u00fctik f\u0151bb t\u00edpusait \u00e9s kateg\u00f3ri\u00e1it. Ez a szakasz a s\u00fctik minden t\u00edpus\u00e1ra \u00e9s kateg\u00f3ri\u00e1j\u00e1ra vonatkozik, nem csak azokra, amelyeket a weboldalunkon haszn\u00e1lunk.<\/span><\/p>\n<p><\/p>\n<p><span style=\"font-weight: 400;\">Els\u0151 \u00e9s harmadik f\u00e9lt\u0151l sz\u00e1rmaz\u00f3 s\u00fctik - f\u00fcggetlen\u00fcl att\u00f3l, hogy a s\u00fcti els\u0151 vagy harmadik f\u00e9lt\u0151l sz\u00e1rmaz\u00f3, a s\u00fctit be\u00e1ll\u00edt\u00f3 tartom\u00e1nyra vonatkozik. Az els\u0151 f\u00e9lt\u0151l sz\u00e1rmaz\u00f3 s\u00fctik olyan s\u00fctik, amelyeket a felhaszn\u00e1l\u00f3 \u00e1ltal megl\u00e1togatott weboldal, pl. a www.theblackunicorn.eu URL-ablakban tal\u00e1lhat\u00f3 s\u00fctik \u00e1ll\u00edtanak be. A harmadik f\u00e9lt\u0151l sz\u00e1rmaz\u00f3 s\u00fctik olyan s\u00fctik, amelyeket nem a felhaszn\u00e1l\u00f3 \u00e1ltal megl\u00e1togatott weboldal \u00e1ltal l\u00e9trehozott tartom\u00e1ny \u00e1ll\u00edt be. Ha egy felhaszn\u00e1l\u00f3 megl\u00e1togat egy webhelyet, \u00e9s egy m\u00e1sik jogalany \u00e1ll\u00edt be cookie-kat azon a webhelyen, akkor ez egy harmadik f\u00e9lt\u0151l sz\u00e1rmaz\u00f3 cookie.<\/span><\/p>\n<p><\/p>\n<p><span style=\"font-weight: 400;\">Tart\u00f3s s\u00fctik - ezek a s\u00fctik a felhaszn\u00e1l\u00f3 eszk\u00f6z\u00e9n maradnak a s\u00fctikben meghat\u00e1rozott ideig. Minden alkalommal aktiv\u00e1l\u00f3dnak, amikor a felhaszn\u00e1l\u00f3 megl\u00e1togatja a cookie-t l\u00e9trehoz\u00f3 webhelyet.<\/span><\/p>\n<p><\/p>\n<p><span style=\"font-weight: 400;\">Munkamenet-s\u00fctik - ezek a s\u00fctik lehet\u0151v\u00e9 teszik a weboldal \u00fczemeltet\u0151i sz\u00e1m\u00e1ra, hogy \u00f6sszekapcsolj\u00e1k a felhaszn\u00e1l\u00f3 m\u0171veleteit a b\u00f6ng\u00e9sz\u0151 munkamenete alatt. A b\u00f6ng\u00e9sz\u0151 munkamenet akkor kezd\u0151dik, amikor a felhaszn\u00e1l\u00f3 megnyitja a b\u00f6ng\u00e9sz\u0151ablakot, \u00e9s akkor \u00e9r v\u00e9get, amikor a b\u00f6ng\u00e9sz\u0151ablakot bez\u00e1rja. A munkamenet-s\u00fctik ideiglenesen j\u00f6nnek l\u00e9tre. A b\u00f6ng\u00e9sz\u0151 bez\u00e1r\u00e1sakor minden munkamenet-s\u00fcti t\u00f6rl\u0151dik.<\/span><\/p><p><span style=\"font-weight: 400;\"><br><\/span><\/p>\n<p><\/p>\n<p><b>Mire haszn\u00e1ljuk a s\u00fctiket?<\/b><\/p>\n<p><\/p>\n<p><span style=\"font-weight: 400;\">A s\u00fctik az al\u00e1bbiakban felsorolt kateg\u00f3ri\u00e1k k\u00f6z\u00fcl egy vagy t\u00f6bb kateg\u00f3ri\u00e1ba tartoznak. Ez a weboldal minden kateg\u00f3ri\u00e1ban haszn\u00e1l s\u00fctiket. Ezen t\u00falmen\u0151en haszn\u00e1ljuk a harmadik felek \u00e1ltal az \u00d6n sz\u00e1m\u00edt\u00f3g\u00e9p\u00e9n elhelyezett c\u00e9lzott cookie-kra vonatkoz\u00f3 inform\u00e1ci\u00f3kat, amikor \u00d6n m\u00e1s webhelyeket l\u00e1togat meg.<\/span><\/p>\n<p><\/p>\n<p><span style=\"font-weight: 400;\">Szigor\u00faan sz\u00fcks\u00e9ges s\u00fctik - Ezek a s\u00fctik lehet\u0151v\u00e9 teszik az \u00d6n \u00e1ltal kifejezetten k\u00e9rt szolg\u00e1ltat\u00e1sokat.<\/span><\/p>\n<p><\/p>\n<p><span style=\"font-weight: 400;\">Ezek a cookie-k elengedhetetlenek ahhoz, hogy \u00d6n mozoghasson a webhelyen \u00e9s haszn\u00e1lhassa annak szolg\u00e1ltat\u00e1sait, p\u00e9ld\u00e1ul hozz\u00e1f\u00e9rhessen a webhely biztons\u00e1gos ter\u00fcleteihez. Ezen cookie-k n\u00e9lk\u00fcl bizonyos, \u00d6n \u00e1ltal k\u00e9rt szolg\u00e1ltat\u00e1sok nem ny\u00fajthat\u00f3k, p\u00e9ld\u00e1ul az ASP.NET cookie.<\/span><\/p>\n<p><\/p>\n<p><span style=\"font-weight: 400;\">Teljes\u00edtm\u00e9nys\u00fctik - Ezek a s\u00fctik inform\u00e1ci\u00f3kat gy\u0171jtenek az \u00d6n \u00e1ltal l\u00e1togatott oldalakr\u00f3l.<\/span><\/p>\n<p><\/p>\n<p><span style=\"font-weight: 400;\">Ezek a cookie-k inform\u00e1ci\u00f3kat gy\u0171jtenek arr\u00f3l, hogy a felhaszn\u00e1l\u00f3k hogyan haszn\u00e1lj\u00e1k a webhelyet, p\u00e9ld\u00e1ul arr\u00f3l, hogy a felhaszn\u00e1l\u00f3k mely oldalakat l\u00e1togatj\u00e1k leggyakrabban, \u00e9s hogy kapnak-e hiba\u00fczeneteket a webhelyekt\u0151l. Ezek a cookie-k nem gy\u0171jtenek olyan inform\u00e1ci\u00f3kat, amelyek azonos\u00edtj\u00e1k a l\u00e1togat\u00f3t. A s\u00fctik \u00e1ltal gy\u0171jt\u00f6tt \u00f6sszes inform\u00e1ci\u00f3 \u00f6sszes\u00edtett \u00e9s ez\u00e9rt n\u00e9vtelen. Kiz\u00e1r\u00f3lag a weboldal m\u0171k\u00f6d\u00e9s\u00e9nek jav\u00edt\u00e1s\u00e1ra haszn\u00e1lj\u00e1k fel \u0151ket.<\/span><\/p>\n<p><\/p>\n<p><span style=\"font-weight: 400;\">Funkcionalit\u00e1si s\u00fctik - Ezek a s\u00fctik eml\u00e9keznek az \u00d6n d\u00f6nt\u00e9seire, hogy jav\u00edts\u00e1k a felhaszn\u00e1l\u00f3i \u00e9lm\u00e9nyt.<\/span><\/p>\n<p><\/p>\n<p><span style=\"font-weight: 400;\">Ezek a cookie-k lehet\u0151v\u00e9 teszik, hogy a weboldal megjegyezze az \u00d6n \u00e1ltal hozott d\u00f6nt\u00e9seket, \u00e9s tov\u00e1bbfejlesztett, szem\u00e9lyre szabottabb funkci\u00f3kat k\u00edn\u00e1ljon. Az AddThis cookie p\u00e9ld\u00e1ul egy \"ossza meg ezt az oldalt\" funkci\u00f3t biztos\u00edt, amellyel a felhaszn\u00e1l\u00f3 a jelent\u00e9sben szerepl\u0151 linket e-mailben elk\u00fcldheti bar\u00e1tainak. Ezeket a cookie-kat az \u00d6n \u00e1ltal k\u00e9rt szolg\u00e1ltat\u00e1sok ny\u00fajt\u00e1s\u00e1ra is lehet haszn\u00e1lni, mint p\u00e9ld\u00e1ul egy vide\u00f3 megtekint\u00e9se vagy egy bloghoz val\u00f3 hozz\u00e1sz\u00f3l\u00e1s. A cookie-k \u00e1ltal gy\u0171jt\u00f6tt inform\u00e1ci\u00f3k anonimiz\u00e1lhat\u00f3k, \u00e9s nem k\u00f6vethetik nyomon az \u00d6n b\u00f6ng\u00e9sz\u00e9si tev\u00e9kenys\u00e9g\u00e9t m\u00e1s webhelyeken.<\/span><\/p>\n<p><\/p>\n<p><span style=\"font-weight: 400;\">C\u00e9lzott s\u00fctik vagy hirdet\u00e9si s\u00fctik - ezek a s\u00fctik inform\u00e1ci\u00f3kat gy\u0171jtenek az \u00d6n b\u00f6ng\u00e9sz\u00e9si szok\u00e1sair\u00f3l, hogy a hirdet\u00e9seket az \u00d6n \u00e9s az \u00d6n \u00e9rdekl\u0151d\u00e9si k\u00f6r\u00e9nek megfelel\u0151v\u00e9 tegy\u00e9k.<\/span><\/p>\n<p><\/p>\n<p><span style=\"font-weight: 400;\">Ezeket a cookie-kat arra haszn\u00e1lj\u00e1k, hogy olyan hirdet\u00e9seket jelen\u00edtsenek meg, amelyek jobban megfelelnek az \u00d6n \u00e9s az \u00d6n \u00e9rdekl\u0151d\u00e9si k\u00f6r\u00e9nek. Arra is szolg\u00e1lnak, hogy korl\u00e1tozz\u00e1k a hirdet\u00e9sek megjelen\u00edt\u00e9s\u00e9nek sz\u00e1m\u00e1t, \u00e9s seg\u00edtenek a hirdet\u00e9si kamp\u00e1ny hat\u00e9konys\u00e1g\u00e1nak m\u00e9r\u00e9s\u00e9ben. Ezeket \u00e1ltal\u00e1ban a hirdet\u00e9si h\u00e1l\u00f3zatok helyezik el a weboldal \u00fczemeltet\u0151j\u00e9nek enged\u00e9ly\u00e9vel. Eml\u00e9keznek arra, hogy \u00d6n megl\u00e1togatott egy webhelyet, \u00e9s ezt az inform\u00e1ci\u00f3t megosztj\u00e1k m\u00e1s szervezetekkel, p\u00e9ld\u00e1ul a hirdet\u0151kkel. A c\u00e9lz\u00e1si vagy hirdet\u00e9si s\u00fctik gyakran kapcsol\u00f3dnak egy m\u00e1sik szervezet \u00e1ltal biztos\u00edtott webhelyfunkci\u00f3khoz.<\/span><\/p>\n<p><\/p>\n<p><span style=\"font-weight: 400;\">Ha t\u00f6r\u00f6lni szeretn\u00e9 a sz\u00e1m\u00edt\u00f3g\u00e9p\u00e9n vagy eszk\u00f6z\u00e9n m\u00e1r tal\u00e1lhat\u00f3 cookie-kat, k\u00e9rj\u00fck, a f\u00e1jlkezel\u0151 szoftver\u00e9nek utas\u00edt\u00e1sai alapj\u00e1n keresse meg a cookie-kat tartalmaz\u00f3 f\u00e1jlt vagy k\u00f6nyvt\u00e1rat. Ha a j\u00f6v\u0151ben szeretn\u00e9 megakad\u00e1lyozni, hogy a cookie-kat a sz\u00e1m\u00edt\u00f3g\u00e9p\u00e9n t\u00e1rolj\u00e1k, k\u00e9rj\u00fck, olvassa el a b\u00f6ng\u00e9sz\u0151 gy\u00e1rt\u00f3j\u00e1nak utas\u00edt\u00e1sait a b\u00f6ng\u00e9sz\u0151 men\u00fc \"S\u00fag\u00f3\" gombj\u00e1ra kattintva. A s\u00fctikr\u0151l tov\u00e1bbi inform\u00e1ci\u00f3kat a www.allaboutcookies.org oldalon tal\u00e1l. A s\u00fctik t\u00f6rl\u00e9s\u00e9vel vagy a j\u00f6v\u0151beni s\u00fctik letilt\u00e1s\u00e1val el\u0151fordulhat, hogy nem tud hozz\u00e1f\u00e9rni weboldalunk bizonyos ter\u00fcleteihez vagy funkci\u00f3ihoz.<\/span><\/p>\n<p><\/p>\n<p><b><br><\/b><\/p><p><b>Harmadik Felek<\/b><\/p>\n<p><\/p>\n<p><span style=\"font-weight: 400;\">Weboldalunk olyan harmadik felek weboldalaira mutat linkeket, amelyeket nem mi \u00fczemeltet\u00fcnk vagy t\u00e1mogatunk. Ezek a webhelyek cookie-kat haszn\u00e1lhatnak, \u00e9s saj\u00e1t adatv\u00e9delmi ir\u00e1nyelveiknek megfelel\u0151en gy\u0171jthetik az \u00d6n szem\u00e9lyes adatait. A jelen Adatv\u00e9delmi szab\u00e1lyzat nem vonatkozik a harmadik felek weboldalaira, \u00e9s mi nem vagyunk felel\u0151sek a harmadik felek weboldalai\u00e9rt.<\/span><\/p>\n<p><\/p>\n<p><b>Hogyan v\u00e9dj\u00fck az \u00d6n adatait?<\/b><\/p>\n<p><\/p>\n<p><span style=\"font-weight: 400;\">Megfelel\u0151 int\u00e9zked\u00e9seket tesz\u00fcnk az \u00d6n szem\u00e9lyes adatainak v\u00e9delme \u00e9rdek\u00e9ben.<\/span><\/p>\n<p><\/p>\n<p><span style=\"font-weight: 400;\">Az \u00d6n \u00e1ltal megadott inform\u00e1ci\u00f3kat biztons\u00e1gban, pontosan \u00e9s naprak\u00e9szen tartjuk, \u00e9s csak addig \u0151rizz\u00fck meg, ameddig a felhaszn\u00e1l\u00e1shoz sz\u00fcks\u00e9ges.<\/span><\/p>\n<p><\/p>\n<p><b><br><\/b><\/p><p><b>13 \u00e9ves kor alatt<\/b><\/p>\n<p><\/p>\n<p><span style=\"font-weight: 400;\">Ezt a weboldalt nem 13 \u00e9v alatti gyermekek sz\u00e1m\u00e1ra tervezt\u00e9k \u00e9s k\u00e9sz\u00edtett\u00e9k el\u0151. Tudatosan nem gy\u0171jt\u00fcnk szem\u00e9lyes adatokat 13 \u00e9v alatti szem\u00e9lyekt\u0151l vagy egy\u00e9nekr\u0151l. Ha \u00d6n 13 \u00e9v alatti, \u00e9s k\u00e9rd\u00e9st szeretne feltenni vagy b\u00e1rmilyen m\u00f3don haszn\u00e1lni ezt a weboldalt, amelyhez szem\u00e9lyes adatok megad\u00e1sa sz\u00fcks\u00e9ges, k\u00e9rj\u00fck, hogy ezt egy sz\u00fcl\u0151 vagy gondvisel\u0151 tegye meg az \u00d6n nev\u00e9ben.<\/span><\/p><p><span style=\"font-weight: 400;\"><br><\/span><\/p>\n<p><\/p>\n<p><b>Az \u00d6n jogai<\/b><\/p>\n<p><\/p>\n<p><span style=\"font-weight: 400;\">\u00d6nnek joga van:<\/span><\/p>\n<p><\/p>\n<p><span style=\"font-weight: 400;\">- az \u00d6nr\u0151l t\u00e1rolt szem\u00e9lyes adatok m\u00e1solat\u00e1t, valamint az \u00d6n szem\u00e9lyes adatainak feldolgoz\u00e1s\u00e1ra vonatkoz\u00f3 r\u00e9szleteket megkapni;<\/span><\/p>\n<p><\/p>\n<p><span style=\"font-weight: 400;\">- a szem\u00e9lyes adataiban tal\u00e1lhat\u00f3 pontatlans\u00e1gok kijav\u00edt\u00e1s\u00e1t k\u00e9rni;<\/span><\/p>\n<p><\/p>\n<p><span style=\"font-weight: 400;\">- amennyiben az \u00d6n szem\u00e9lyes adatait automatiz\u00e1lt m\u00f3don \u00e9s az \u00d6n hozz\u00e1j\u00e1rul\u00e1s\u00e1val (l\u00e1sd fentebb a \"Hogyan haszn\u00e1ljuk fel\" c\u00edm\u0171 r\u00e9szt) kezelj\u00fck, az \u00d6n szem\u00e9lyes adatait struktur\u00e1lt, \u00e1ltal\u00e1nosan haszn\u00e1lt \u00e9s g\u00e9ppel olvashat\u00f3 form\u00e1tumban kaphatja meg. \u00d6n k\u00e9rheti azt is, hogy szem\u00e9lyes adatait k\u00f6zvetlen\u00fcl harmadik feleknek ilyen form\u00e1tumban adjuk \u00e1t, \u00e9s amennyiben ez technikailag megval\u00f3s\u00edthat\u00f3, ezt meg is tessz\u00fck; \u00e9s<\/span><\/p>\n<p><\/p>\n<p><span style=\"font-weight: 400;\">- k\u00e9rheti, hogy t\u00f6r\u00f6lj\u00fck vagy korl\u00e1tozzuk szem\u00e9lyes adatainak felhaszn\u00e1l\u00e1s\u00e1t (p\u00e9ld\u00e1ul ha az \u00d6n preferenci\u00e1i megv\u00e1ltoznak, vagy ha nem szeretn\u00e9, hogy az \u00d6n \u00e1ltal k\u00e9rt inform\u00e1ci\u00f3kat k\u00fcldj\u00fck \u00d6nnek).<\/span><\/p>\n<p><\/p>\n<p><span style=\"font-weight: 400;\">For more information: https:\/\/europa.eu\/youreurope\/business\/dealing-with-customers\/data-protection\/data-protection-gdpr\/index_en.htm<\/span><\/p>\n<p><\/p>\n<p><span style=\"font-weight: 400;\">K\u00e9rj\u00fck, vegye fel vel\u00fcnk a kapcsolatot az al\u00e1bbi el\u00e9rhet\u0151s\u00e9geken, ha \u00e9lni k\u00edv\u00e1n ezen jogok b\u00e1rmelyik\u00e9vel.<\/span><\/p>\n<p><\/p>\n<p><span style=\"font-weight: 400;\">\u00d6nnek joga van panaszt tenni a fel\u00fcgyeleti hat\u00f3s\u00e1gn\u00e1l, ha nem el\u00e9gedett azzal, ahogyan szem\u00e9lyes adatait kezelt\u00fck. Magyarorsz\u00e1gon a fel\u00fcgyeleti hat\u00f3s\u00e1g az Adatv\u00e9delmi Hat\u00f3s\u00e1g (https:\/\/www.naih.hu\/).<\/span><\/p><p><span style=\"font-weight: 400;\"><br><\/span><\/p>\n<p><\/p>\n<p><b>Adatok, melyeket nem dolgozunk fel<\/b><\/p>\n<p><\/p>\n<p><span style=\"font-weight: 400;\">Az Eur\u00f3pai Uni\u00f3 GDPR ir\u00e1nyelveivel \u00f6sszhangban nem gy\u0171jtj\u00fck az al\u00e1bbi adatokat:<\/span><\/p>\n<p><\/p>\n<p><span style=\"font-weight: 400;\">- Szexu\u00e1lis ir\u00e1nyults\u00e1g vagy szexu\u00e1lis orient\u00e1ci\u00f3<\/span><\/p>\n<p><\/p>\n<p><span style=\"font-weight: 400;\">- faji vagy etnikai sz\u00e1rmaz\u00e1s, politikai v\u00e9lem\u00e9ny, vall\u00e1s vagy meggy\u0151z\u0151d\u00e9s<\/span><\/p>\n<p><\/p>\n<p><span style=\"font-weight: 400;\">- vall\u00e1si vagy filoz\u00f3fiai meggy\u0151z\u0151d\u00e9sek<\/span><\/p>\n<p><\/p>\n<p><span style=\"font-weight: 400;\">- genetikai, biometrikus vagy eg\u00e9szs\u00e9g\u00fcgyi adatok, kiv\u00e9ve bizonyos eseteket (pl. ha kifejezett hozz\u00e1j\u00e1rul\u00e1s t\u00f6rt\u00e9nt, vagy ha az uni\u00f3s vagy nemzeti jog alapj\u00e1n fontos k\u00f6z\u00e9rdek\u0171 okokb\u00f3l sz\u00fcks\u00e9ges az adatkezel\u00e9s).<\/span><\/p>\n<p><\/p>\n<p><span style=\"font-weight: 400;\">- b\u00fcntet\u0151\u00edt\u00e9letekre \u00e9s b\u0171ncselekm\u00e9nyekre vonatkoz\u00f3 szem\u00e9lyes adatok, kiv\u00e9ve, ha az uni\u00f3s vagy nemzeti jog ezt megengedi<\/span><\/p><p><span style=\"font-weight: 400;\"><br><\/span><\/p>\n<p><\/p>\n<p><b>Hogyan l\u00e9phet kapcsolatba vel\u00fcnk?<\/b><\/p>\n<p><\/p>\n<p><span style=\"font-weight: 400;\">Ha \u00e9lni k\u00edv\u00e1n szem\u00e9lyes adatait \u00e9rint\u0151 jogaival, vagy k\u00e9rd\u00e9se van szem\u00e9lyes adatainak haszn\u00e1lat\u00e1val kapcsolatban, keressen benn\u00fcnket  a gergo@theblackunicorn.eu mailc\u00edmen.&nbsp;<\/span><\/p>\n<p><\/p>\n<p><span style=\"font-weight: 400;\">Az Eur\u00f3pai Uni\u00f3 GDPR ir\u00e1nyelveinek megfelel\u0151en indokolatlan k\u00e9sedelem n\u00e9lk\u00fcl, de mindenk\u00e9ppen a k\u00e9relme be\u00e9rkez\u00e9s\u00e9t\u0151l sz\u00e1m\u00edtott 1 h\u00f3napon bel\u00fcl v\u00e1laszolunk az \u00d6n k\u00e9r\u00e9s\u00e9re. Ez a v\u00e1laszad\u00e1si hat\u00e1rid\u0151 \u00f6sszetett vagy t\u00f6bbsz\u00f6r\u00f6s k\u00e9r\u00e9sek eset\u00e9n 2 h\u00f3nappal meghosszabb\u00edthat\u00f3, ebben az esetben t\u00e1j\u00e9koztatjuk \u00d6nt a hosszabb\u00edt\u00e1sr\u00f3l<\/span><\/p><p><span style=\"font-weight: 400;\"><br><\/span><\/p>\n<p><\/p>\n<p><b>A jelen adatv\u00e9delmi politika v\u00e1ltoz\u00e1sai<\/b><\/p>\n<p><\/p>\n<p><span style=\"font-weight: 400;\">Rendszeresen fel\u00fclvizsg\u00e1ljuk ezt az Adatv\u00e9delmi szab\u00e1lyzatot, hogy biztos\u00edtsuk, hogy az naprak\u00e9sz legyen az \u00d6n szem\u00e9lyes adatainak felhaszn\u00e1l\u00e1s\u00e1val kapcsolatban, \u00e9s megfeleljen az alkalmazand\u00f3 adatv\u00e9delmi t\u00f6rv\u00e9nyeknek.<\/span><\/p>\n<p><\/p>\n<p><span style=\"font-weight: 400;\">Fenntartjuk a jogot, hogy saj\u00e1t bel\u00e1t\u00e1sunk szerint b\u00e1rmikor fel\u00fclvizsg\u00e1ljuk a jelen Adatv\u00e9delmi szab\u00e1lyzatot. A friss\u00edtett Adatv\u00e9delmi szab\u00e1lyzatot k\u00f6zz\u00e9tessz\u00fck a weboldalunkon. Javasoljuk, hogy id\u0151r\u0151l id\u0151re tekintse \u00e1t ezt az Adatv\u00e9delmi szab\u00e1lyzatot.<\/span><\/p>\n<p><\/p>\n<p><span style=\"font-weight: 400;\">Tiszteletben tartjuk \u00e9s betartjuk az \u00f6sszes eur\u00f3pai GDPR-rendeletet \u00e9s a magyar t\u00f6rv\u00e9nyeket. Ha \u00fagy \u00e9rzi, hogy adatait nem megfelel\u0151en kezelt\u00fck, k\u00e9rj\u00fck, azonnal hagyja abba a weboldal haszn\u00e1lat\u00e1t, \u00e9s l\u00e9pjen kapcsolatba vel\u00fcnk.<\/span><\/p>\t\t\t\t\t\t<\/div>\n\t\t\t\t<\/div>\n\t\t\t\t\t<\/div>\n\t\t<\/div>\n\t\t\t\t\t<\/div>\n\t\t<\/section>\n\t\t\t\t<\/div>","protected":false},"excerpt":{"rendered":"<p>Theblackunicorn.eu Internet Privacy Policy Theblackunicorn.eu Internet Privacy Policy This website is operated by Gerg\u0151 Benedek ev. (tax no.74943465-1-33) (\u201cwe\u201d), a business based in Hungary. We respect the privacy of our website users and recognize that when you choose to provide information about yourself, you trust us to act responsibly with that information. This privacy policy [&hellip;]<\/p>","protected":false},"author":3,"featured_media":0,"parent":0,"menu_order":0,"comment_status":"closed","ping_status":"closed","template":"","meta":{"footnotes":""},"class_list":["post-3","page","type-page","status-publish","hentry"],"_links":{"self":[{"href":"https:\/\/theblackunicorn.eu\/hun\/wp-json\/wp\/v2\/pages\/3"}],"collection":[{"href":"https:\/\/theblackunicorn.eu\/hun\/wp-json\/wp\/v2\/pages"}],"about":[{"href":"https:\/\/theblackunicorn.eu\/hun\/wp-json\/wp\/v2\/types\/page"}],"author":[{"embeddable":true,"href":"https:\/\/theblackunicorn.eu\/hun\/wp-json\/wp\/v2\/users\/3"}],"replies":[{"embeddable":true,"href":"https:\/\/theblackunicorn.eu\/hun\/wp-json\/wp\/v2\/comments?post=3"}],"version-history":[{"count":8,"href":"https:\/\/theblackunicorn.eu\/hun\/wp-json\/wp\/v2\/pages\/3\/revisions"}],"predecessor-version":[{"id":923,"href":"https:\/\/theblackunicorn.eu\/hun\/wp-json\/wp\/v2\/pages\/3\/revisions\/923"}],"wp:attachment":[{"href":"https:\/\/theblackunicorn.eu\/hun\/wp-json\/wp\/v2\/media?parent=3"}],"curies":[{"name":"wp","href":"https:\/\/api.w.org\/{rel}","templated":true}]}}